{"id":77,"date":"2020-02-17T21:45:40","date_gmt":"2020-02-17T20:45:40","guid":{"rendered":"http:\/\/memoireducorps.fr\/?page_id=77"},"modified":"2020-05-10T20:39:53","modified_gmt":"2020-05-10T18:39:53","slug":"charte-de-la-kinesiologie","status":"publish","type":"page","link":"https:\/\/memoireducorps.fr\/index.php\/charte-de-la-kinesiologie\/","title":{"rendered":"Charte de la kin\u00e9siologie"},"content":{"rendered":"\n<h2 class=\"has-text-align-center wp-block-heading\">Engagement<\/h2>\n\n\n\n<div class=\"wp-block-media-text alignwide\"><figure class=\"wp-block-media-text__media\"><img data-recalc-dims=\"1\" fetchpriority=\"high\" decoding=\"async\" width=\"1020\" height=\"679\" src=\"https:\/\/i0.wp.com\/memoireducorps.fr\/wp-content\/uploads\/2020\/04\/book-2115176_1920-1024x682.jpg?resize=1020%2C679\" alt=\"\" class=\"wp-image-468\" srcset=\"https:\/\/i0.wp.com\/memoireducorps.fr\/wp-content\/uploads\/2020\/04\/book-2115176_1920.jpg?resize=1024%2C682&amp;ssl=1 1024w, https:\/\/i0.wp.com\/memoireducorps.fr\/wp-content\/uploads\/2020\/04\/book-2115176_1920.jpg?resize=300%2C200&amp;ssl=1 300w, https:\/\/i0.wp.com\/memoireducorps.fr\/wp-content\/uploads\/2020\/04\/book-2115176_1920.jpg?resize=768%2C512&amp;ssl=1 768w, https:\/\/i0.wp.com\/memoireducorps.fr\/wp-content\/uploads\/2020\/04\/book-2115176_1920.jpg?resize=1536%2C1023&amp;ssl=1 1536w, https:\/\/i0.wp.com\/memoireducorps.fr\/wp-content\/uploads\/2020\/04\/book-2115176_1920.jpg?resize=450%2C300&amp;ssl=1 450w, https:\/\/i0.wp.com\/memoireducorps.fr\/wp-content\/uploads\/2020\/04\/book-2115176_1920.jpg?resize=90%2C60&amp;ssl=1 90w, https:\/\/i0.wp.com\/memoireducorps.fr\/wp-content\/uploads\/2020\/04\/book-2115176_1920.jpg?w=1920&amp;ssl=1 1920w\" sizes=\"(max-width: 1020px) 100vw, 1020px\" \/><\/figure><div class=\"wp-block-media-text__content\">\n<p class=\"has-text-align-center\">Les kin\u00e9siologues sp\u00e9cialis\u00e9s, membres de la F\u00e9d\u00e9ration Fran\u00e7aise de Kin\u00e9siologie s&rsquo;engagent \u00e0 :<\/p>\n\n\n\n<ul class=\"wp-block-list\"><li>Travailler dans le respect total de la personne quels que soient son \u00e2ge, sa condition, ses convictions.<\/li><li>Laisser le client libre de ses choix.<\/li><li>Respecter le secret professionnel sauf d\u00e9rogations pr\u00e9vues par la loi.<\/li><li>R\u00e9actualiser r\u00e9guli\u00e8rement ses comp\u00e9tences et faire appel \u00e0 un proviseur chaque fois que n\u00e9cessaire.<\/li><li>Respecter ses confr\u00e8res.<\/li><li>Entretenir des rapports courtois et respectueux avec les autres professions.<\/li><li>Respecter la l\u00e9gislation fran\u00e7aise.<\/li><\/ul>\n\n\n\n<p class=\"has-large-font-size\"><\/p>\n<\/div><\/div>\n\n\n\n<div class=\"wp-block-columns is-layout-flex wp-container-core-columns-is-layout-9d6595d7 wp-block-columns-is-layout-flex\">\n<div class=\"wp-block-column is-layout-flow wp-block-column-is-layout-flow\" style=\"flex-basis:66.66%\"><\/div>\n\n\n\n<div class=\"wp-block-column is-layout-flow wp-block-column-is-layout-flow\" style=\"flex-basis:33.33%\"><\/div>\n<\/div>\n\n\n\n<p class=\"has-text-align-center\"><strong>Important<\/strong> :<br>Le kin\u00e9siologue sp\u00e9cialis\u00e9 n&rsquo;\u00e9tablit aucun diagnostic m\u00e9dical, ne prescrit pas et ne traite pas.<br>Il ne demande jamais de suspendre un traitement.<br>La kin\u00e9siologie sp\u00e9cialis\u00e9e n&rsquo;est pas une m\u00e9decine alternative<strong>.<\/strong><\/p>\n\n\n\n<p><\/p>\n\n\n\n<p><em>Source: <a href=\"https:\/\/federation-kinesiologie.fr\/\" target=\"_blank\" rel=\"noreferrer noopener\">F\u00e9d\u00e9ration Fran\u00e7aise de kin\u00e9siologie<\/a><\/em><\/p>\n","protected":false},"excerpt":{"rendered":"<p>Engagement Les kin\u00e9siologues sp\u00e9cialis\u00e9s, membres de la F\u00e9d\u00e9ration Fran\u00e7aise de Kin\u00e9siologie s&rsquo;engagent \u00e0 : Travailler dans le respect total de la personne quels que soient son \u00e2ge, sa condition, ses convictions. Laisser le client libre de ses choix. Respecter le secret professionnel sauf d\u00e9rogations pr\u00e9vues par la loi. R\u00e9actualiser r\u00e9guli\u00e8rement ses comp\u00e9tences et faire appel &hellip; <\/p>\n","protected":false},"author":1,"featured_media":0,"parent":0,"menu_order":0,"comment_status":"closed","ping_status":"closed","template":"","meta":{"footnotes":""},"class_list":["post-77","page","type-page","status-publish","hentry"],"jetpack_sharing_enabled":true,"_links":{"self":[{"href":"https:\/\/memoireducorps.fr\/index.php\/wp-json\/wp\/v2\/pages\/77","targetHints":{"allow":["GET"]}}],"collection":[{"href":"https:\/\/memoireducorps.fr\/index.php\/wp-json\/wp\/v2\/pages"}],"about":[{"href":"https:\/\/memoireducorps.fr\/index.php\/wp-json\/wp\/v2\/types\/page"}],"author":[{"embeddable":true,"href":"https:\/\/memoireducorps.fr\/index.php\/wp-json\/wp\/v2\/users\/1"}],"replies":[{"embeddable":true,"href":"https:\/\/memoireducorps.fr\/index.php\/wp-json\/wp\/v2\/comments?post=77"}],"version-history":[{"count":14,"href":"https:\/\/memoireducorps.fr\/index.php\/wp-json\/wp\/v2\/pages\/77\/revisions"}],"predecessor-version":[{"id":1157,"href":"https:\/\/memoireducorps.fr\/index.php\/wp-json\/wp\/v2\/pages\/77\/revisions\/1157"}],"wp:attachment":[{"href":"https:\/\/memoireducorps.fr\/index.php\/wp-json\/wp\/v2\/media?parent=77"}],"curies":[{"name":"wp","href":"https:\/\/api.w.org\/{rel}","templated":true}]}}