{"id":73,"date":"2020-02-17T21:44:16","date_gmt":"2020-02-17T20:44:16","guid":{"rendered":"http:\/\/memoireducorps.fr\/?page_id=73"},"modified":"2025-03-18T16:36:33","modified_gmt":"2025-03-18T15:36:33","slug":"pour-qui-pour-quoi-2","status":"publish","type":"page","link":"https:\/\/memoireducorps.fr\/index.php\/pour-qui-pour-quoi-2\/","title":{"rendered":"Pour Qui ? \/ Pour Quoi ?"},"content":{"rendered":"\n<h2 class=\"wp-block-heading has-text-align-center\">Pour Qui ?<\/h2>\n\n\n\n<div class=\"wp-block-columns is-layout-flex wp-container-core-columns-is-layout-9d6595d7 wp-block-columns-is-layout-flex\">\n<div class=\"wp-block-column is-vertically-aligned-center is-layout-flow wp-block-column-is-layout-flow\"><div class=\"wp-block-image is-style-rounded\">\n<figure class=\"aligncenter size-thumbnail is-resized\"><img data-recalc-dims=\"1\" decoding=\"async\" width=\"150\" height=\"150\" src=\"https:\/\/i0.wp.com\/memoireducorps.fr\/wp-content\/uploads\/2020\/04\/enceinte-1.jpg?resize=150%2C150&#038;ssl=1\" alt=\"\" class=\"wp-image-596\" style=\"width:150px;height:auto\" srcset=\"https:\/\/i0.wp.com\/memoireducorps.fr\/wp-content\/uploads\/2020\/04\/enceinte-1.jpg?resize=150%2C150&amp;ssl=1 150w, https:\/\/i0.wp.com\/memoireducorps.fr\/wp-content\/uploads\/2020\/04\/enceinte-1.jpg?resize=435%2C435&amp;ssl=1 435w, https:\/\/i0.wp.com\/memoireducorps.fr\/wp-content\/uploads\/2020\/04\/enceinte-1.jpg?zoom=2&amp;resize=150%2C150&amp;ssl=1 300w\" sizes=\"(max-width: 150px) 100vw, 150px\" \/><figcaption class=\"wp-element-caption\">Femme enceinte<\/figcaption><\/figure>\n<\/div>\n\n<div class=\"wp-block-image is-style-rounded\">\n<figure class=\"aligncenter size-thumbnail\"><img data-recalc-dims=\"1\" decoding=\"async\" width=\"150\" height=\"150\" src=\"https:\/\/i0.wp.com\/memoireducorps.fr\/wp-content\/uploads\/2020\/04\/skateboard-2271295_1920.jpg?resize=150%2C150&#038;ssl=1\" alt=\"\" class=\"wp-image-600\" srcset=\"https:\/\/i0.wp.com\/memoireducorps.fr\/wp-content\/uploads\/2020\/04\/skateboard-2271295_1920.jpg?resize=150%2C150&amp;ssl=1 150w, https:\/\/i0.wp.com\/memoireducorps.fr\/wp-content\/uploads\/2020\/04\/skateboard-2271295_1920.jpg?resize=435%2C435&amp;ssl=1 435w, https:\/\/i0.wp.com\/memoireducorps.fr\/wp-content\/uploads\/2020\/04\/skateboard-2271295_1920.jpg?zoom=2&amp;resize=150%2C150&amp;ssl=1 300w\" sizes=\"(max-width: 150px) 100vw, 150px\" \/><figcaption class=\"wp-element-caption\">Sportifs<\/figcaption><\/figure>\n<\/div><\/div>\n\n\n\n<div class=\"wp-block-column is-layout-flow wp-block-column-is-layout-flow\"><div class=\"wp-block-image is-style-rounded\">\n<figure class=\"aligncenter size-thumbnail\"><img data-recalc-dims=\"1\" decoding=\"async\" width=\"150\" height=\"150\" src=\"https:\/\/i0.wp.com\/memoireducorps.fr\/wp-content\/uploads\/2020\/04\/10.jpg?resize=150%2C150&#038;ssl=1\" alt=\"\" class=\"wp-image-607\" srcset=\"https:\/\/i0.wp.com\/memoireducorps.fr\/wp-content\/uploads\/2020\/04\/10-scaled.jpg?resize=150%2C150&amp;ssl=1 150w, https:\/\/i0.wp.com\/memoireducorps.fr\/wp-content\/uploads\/2020\/04\/10-scaled.jpg?resize=435%2C435&amp;ssl=1 435w, https:\/\/i0.wp.com\/memoireducorps.fr\/wp-content\/uploads\/2020\/04\/10-scaled.jpg?zoom=2&amp;resize=150%2C150&amp;ssl=1 300w\" sizes=\"(max-width: 150px) 100vw, 150px\" \/><figcaption class=\"wp-element-caption\">Nourrissons<\/figcaption><\/figure>\n<\/div>\n\n<div class=\"wp-block-image is-style-rounded\">\n<figure class=\"aligncenter size-thumbnail\"><img data-recalc-dims=\"1\" loading=\"lazy\" decoding=\"async\" width=\"150\" height=\"150\" src=\"https:\/\/i0.wp.com\/memoireducorps.fr\/wp-content\/uploads\/2020\/04\/woman-1149911_1920.jpg?resize=150%2C150&#038;ssl=1\" alt=\"\" class=\"wp-image-602\" srcset=\"https:\/\/i0.wp.com\/memoireducorps.fr\/wp-content\/uploads\/2020\/04\/woman-1149911_1920.jpg?resize=150%2C150&amp;ssl=1 150w, https:\/\/i0.wp.com\/memoireducorps.fr\/wp-content\/uploads\/2020\/04\/woman-1149911_1920.jpg?resize=435%2C435&amp;ssl=1 435w, https:\/\/i0.wp.com\/memoireducorps.fr\/wp-content\/uploads\/2020\/04\/woman-1149911_1920.jpg?zoom=2&amp;resize=150%2C150&amp;ssl=1 300w\" sizes=\"(max-width: 150px) 100vw, 150px\" \/><figcaption class=\"wp-element-caption\">Adultes<\/figcaption><\/figure>\n<\/div>\n\n<div class=\"wp-block-image is-style-rounded\">\n<figure class=\"aligncenter size-thumbnail\"><img data-recalc-dims=\"1\" loading=\"lazy\" decoding=\"async\" width=\"150\" height=\"150\" src=\"https:\/\/i0.wp.com\/memoireducorps.fr\/wp-content\/uploads\/2020\/04\/black-and-white-2590810_1920.jpg?resize=150%2C150&#038;ssl=1\" alt=\"\" class=\"wp-image-608\" srcset=\"https:\/\/i0.wp.com\/memoireducorps.fr\/wp-content\/uploads\/2020\/04\/black-and-white-2590810_1920.jpg?resize=150%2C150&amp;ssl=1 150w, https:\/\/i0.wp.com\/memoireducorps.fr\/wp-content\/uploads\/2020\/04\/black-and-white-2590810_1920.jpg?resize=435%2C435&amp;ssl=1 435w, https:\/\/i0.wp.com\/memoireducorps.fr\/wp-content\/uploads\/2020\/04\/black-and-white-2590810_1920.jpg?zoom=2&amp;resize=150%2C150&amp;ssl=1 300w\" sizes=\"(max-width: 150px) 100vw, 150px\" \/><figcaption class=\"wp-element-caption\">Couples<\/figcaption><\/figure>\n<\/div><\/div>\n\n\n\n<div class=\"wp-block-column is-vertically-aligned-center is-layout-flow wp-block-column-is-layout-flow\"><div class=\"wp-block-image is-style-rounded\">\n<figure class=\"aligncenter size-thumbnail is-resized\"><img data-recalc-dims=\"1\" loading=\"lazy\" decoding=\"async\" width=\"150\" height=\"150\" src=\"https:\/\/i0.wp.com\/memoireducorps.fr\/wp-content\/uploads\/2020\/04\/20200423_164136.jpg?resize=150%2C150&#038;ssl=1\" alt=\"\" class=\"wp-image-601\" style=\"width:150px;height:auto\" srcset=\"https:\/\/i0.wp.com\/memoireducorps.fr\/wp-content\/uploads\/2020\/04\/20200423_164136.jpg?resize=150%2C150&amp;ssl=1 150w, https:\/\/i0.wp.com\/memoireducorps.fr\/wp-content\/uploads\/2020\/04\/20200423_164136.jpg?resize=435%2C435&amp;ssl=1 435w, https:\/\/i0.wp.com\/memoireducorps.fr\/wp-content\/uploads\/2020\/04\/20200423_164136.jpg?zoom=2&amp;resize=150%2C150&amp;ssl=1 300w\" sizes=\"(max-width: 150px) 100vw, 150px\" \/><figcaption class=\"wp-element-caption\">Enfants<\/figcaption><\/figure>\n<\/div>\n\n<div class=\"wp-block-image is-style-rounded\">\n<figure class=\"aligncenter size-thumbnail\"><img data-recalc-dims=\"1\" loading=\"lazy\" decoding=\"async\" width=\"150\" height=\"150\" src=\"https:\/\/i0.wp.com\/memoireducorps.fr\/wp-content\/uploads\/2020\/04\/white-horse-3010129_1920.jpg?resize=150%2C150&#038;ssl=1\" alt=\"\" class=\"wp-image-603\" srcset=\"https:\/\/i0.wp.com\/memoireducorps.fr\/wp-content\/uploads\/2020\/04\/white-horse-3010129_1920.jpg?resize=150%2C150&amp;ssl=1 150w, https:\/\/i0.wp.com\/memoireducorps.fr\/wp-content\/uploads\/2020\/04\/white-horse-3010129_1920.jpg?resize=435%2C435&amp;ssl=1 435w, https:\/\/i0.wp.com\/memoireducorps.fr\/wp-content\/uploads\/2020\/04\/white-horse-3010129_1920.jpg?zoom=2&amp;resize=150%2C150&amp;ssl=1 300w\" sizes=\"(max-width: 150px) 100vw, 150px\" \/><figcaption class=\"wp-element-caption\">Animaux<\/figcaption><\/figure>\n<\/div><\/div>\n<\/div>\n\n\n\n<h2 class=\"wp-block-heading has-text-align-center\">Pour Quoi ?<\/h2>\n\n\n\n<h3 class=\"wp-block-heading has-text-align-center\">Poser un objectif de s\u00e9ance : Exemples<\/h3>\n\n\n\n<p class=\"has-text-align-center\">Les listes qui suivent sont bien s\u00fbr des <strong><em>exemples<\/em><\/strong> et non exhaustives pour vous permettre un aper\u00e7u de la nature de votre demande pour la s\u00e9ance. En tout d\u00e9but de s\u00e9ance, nous \u00e9tablissons ce que l&rsquo;on appelle en kin\u00e9siologie un objectif de s\u00e9ance et l&rsquo;ensemble de la s\u00e9ance s&rsquo;\u00e9tablit sur cet objectif. Il est donc important de bien cibler la demande. Les phrases construites sont bien s\u00fbr uniques lors de votre s\u00e9ance et cr\u00e9ent selon vos propres termes. Ces exemples sont l\u00e0 uniquement pour comprendre le m\u00e9canisme par rapport \u00e0 une difficult\u00e9 observ\u00e9e. Nous parlerons de l&rsquo;objectif ensemble avant de commencer la s\u00e9ance.<\/p>\n\n\n<div class=\"wp-block-image is-style-rounded\">\n<figure class=\"aligncenter size-thumbnail\"><img data-recalc-dims=\"1\" loading=\"lazy\" decoding=\"async\" width=\"150\" height=\"150\" src=\"https:\/\/i0.wp.com\/memoireducorps.fr\/wp-content\/uploads\/2020\/04\/enceinte-150x150.jpg?resize=150%2C150\" alt=\"\" class=\"wp-image-595\" srcset=\"https:\/\/i0.wp.com\/memoireducorps.fr\/wp-content\/uploads\/2020\/04\/enceinte.jpg?resize=150%2C150&amp;ssl=1 150w, https:\/\/i0.wp.com\/memoireducorps.fr\/wp-content\/uploads\/2020\/04\/enceinte.jpg?resize=435%2C435&amp;ssl=1 435w, https:\/\/i0.wp.com\/memoireducorps.fr\/wp-content\/uploads\/2020\/04\/enceinte.jpg?zoom=2&amp;resize=150%2C150&amp;ssl=1 300w\" sizes=\"(max-width: 150px) 100vw, 150px\" \/><\/figure>\n<\/div>\n\n\n<h3 class=\"wp-block-heading has-text-align-center\">Femme enceinte<\/h3>\n\n\n\n<p class=\"has-text-align-center\"> Toute femme enceinte conna\u00eet des perturbations gigantesques. Qu&rsquo;elles soient hormonales, familiales ou psychiques, tous ces changements viennent parfois cr\u00e9er un dysfonctionnement dans l&rsquo;\u00e9quilibre Corps \/ Energie \/ Mental. La Kin\u00e9siologie en s\u00e9ance individuelle va pouvoir apaiser et r\u00e9ajuster le dysfonctionnement pour une meilleure pr\u00e9paration \u00e0 ce qui est en train de Na\u00eetre.<\/p>\n\n\n\n<div class=\"wp-block-pb-accordion-item c-accordion__item js-accordion-item no-js\" data-initially-open=\"false\" data-click-to-close=\"true\" data-auto-close=\"true\" data-scroll=\"false\" data-scroll-offset=\"0\"><h4 id=\"at-51579\" class=\"c-accordion__title js-accordion-controller\" role=\"button\">Difficult\u00e9s observ\u00e9es<\/h4><div id=\"ac-51579\" class=\"c-accordion__content\">\n\n<ul class=\"wp-block-list\"><li> Difficult\u00e9s d&rsquo;endormissement <\/li><li>Peurs\/ angoisses li\u00e9es \u00e0 la grossesse<\/li><li>Stress en rapport aux examens m\u00e9dicaux<\/li><li>Devenir m\u00e8re et ses probl\u00e9matiques &#8230;<\/li><\/ul>\n\n<\/div><\/div>\n\n\n\n<div class=\"wp-block-pb-accordion-item c-accordion__item js-accordion-item no-js\" data-initially-open=\"false\" data-click-to-close=\"true\" data-auto-close=\"true\" data-scroll=\"false\" data-scroll-offset=\"0\"><h4 id=\"at-53275\" class=\"c-accordion__title js-accordion-controller\" role=\"button\"> Objectifs mis en place <\/h4><div id=\"ac-53275\" class=\"c-accordion__content\">\n\n<ul class=\"wp-block-list\"><li>Je m&rsquo;endors facilement et paisiblement <\/li><li>J&rsquo;ai confiance en mes capacit\u00e9s pour l&rsquo;accouchement<\/li><li>Je suis sereine pour les examens m\u00e9dicaux<\/li><li>Je trouve ma place en tant que m\u00e8re au sein de ma famille &#8230;<\/li><\/ul>\n\n<\/div><\/div>\n\n\n<div class=\"wp-block-image is-style-rounded\">\n<figure class=\"aligncenter size-thumbnail is-resized\"><img data-recalc-dims=\"1\" loading=\"lazy\" decoding=\"async\" width=\"150\" height=\"150\" src=\"https:\/\/i0.wp.com\/memoireducorps.fr\/wp-content\/uploads\/2020\/04\/P%C3%A9pita-150x150.jpg?resize=150%2C150\" alt=\"\" class=\"wp-image-618\" style=\"height:150px\" srcset=\"https:\/\/i0.wp.com\/memoireducorps.fr\/wp-content\/uploads\/2020\/04\/P%C3%A9pita-scaled.jpg?resize=150%2C150&amp;ssl=1 150w, https:\/\/i0.wp.com\/memoireducorps.fr\/wp-content\/uploads\/2020\/04\/P%C3%A9pita-scaled.jpg?resize=435%2C435&amp;ssl=1 435w, https:\/\/i0.wp.com\/memoireducorps.fr\/wp-content\/uploads\/2020\/04\/P%C3%A9pita-scaled.jpg?zoom=2&amp;resize=150%2C150&amp;ssl=1 300w\" sizes=\"(max-width: 150px) 100vw, 150px\" \/><\/figure>\n<\/div>\n\n\n<h3 class=\"wp-block-heading has-text-align-center\">Nourrissons<\/h3>\n\n\n\n<p class=\"has-text-align-center\">Le d\u00e9but de Vie est un moment unique, magique, hors du commun. <strong>Le nouveau-n\u00e9<\/strong> entre dans la famille et demande une <strong>attention constante<\/strong>. Il s&rsquo;exprime uniquement par des gazouillements, des sourires pour indiquer son bien-\u00eatre, des pleurs et des cris pour tout un tas de choses non d\u00e9finies par nous, adultes ( trop chaud ou pas assez, la faim, le sommeil, les colliques &#8230; ) En tant que parents nous nous sentons d\u00e9sempar\u00e9s parfois. C&rsquo;est pour cela que la <strong>kin\u00e9siologie est un atout <\/strong>pour <strong>donner la parole au nouveau-n\u00e9<\/strong> et <strong>\u00e9quilibrer<\/strong> son \u00e9tat de d\u00e9s\u00e9quilibre avec des m\u00e9thodes simples. Comme en <strong>Kin\u00e9siologie<\/strong> j&rsquo;utilise le <strong>test musculaire<\/strong> pour donner la parole au corps, la s\u00e9ance du nourrisson se fait par le biais du corps de la m\u00e8re bien souvent. Celui du p\u00e8re est possible. <\/p>\n\n\n\n<div class=\"wp-block-pb-accordion-item c-accordion__item js-accordion-item no-js\" data-initially-open=\"false\" data-click-to-close=\"true\" data-auto-close=\"true\" data-scroll=\"false\" data-scroll-offset=\"0\"><h4 id=\"at-81871\" class=\"c-accordion__title js-accordion-controller\" role=\"button\">Difficult\u00e9s observ\u00e9es<\/h4><div id=\"ac-81871\" class=\"c-accordion__content\">\n\n<ul class=\"wp-block-list\"><li>Difficult\u00e9s de sommeil<\/li><li>RGO ( Reflux Gastro-Oesophagien )<\/li><li>Accouchement difficile<\/li><li>C\u00e9sarienne<\/li><li>D\u00e9tresse \u00e0 la naissance<\/li><li>Colliques &#8230;<\/li><\/ul>\n\n<\/div><\/div>\n\n\n\n<div class=\"wp-block-pb-accordion-item c-accordion__item js-accordion-item no-js\" data-initially-open=\"false\" data-click-to-close=\"true\" data-auto-close=\"true\" data-scroll=\"false\" data-scroll-offset=\"0\"><h4 id=\"at-65283\" class=\"c-accordion__title js-accordion-controller\" role=\"button\"> Objectifs mis en place <\/h4><div id=\"ac-65283\" class=\"c-accordion__content\">\n\n<ul class=\"wp-block-list\"><li>Je m&rsquo;endors en toute s\u00e9curit\u00e9<\/li><li>Je dig\u00e8re le lait et apaise mon oesophage<\/li><li>Je me sens aim\u00e9 et en s\u00e9curit\u00e9 \u00e0 l&rsquo;ext\u00e9rieur<\/li><li>J&rsquo;accepte la s\u00e9paration physique avec ma maman &#8230;<\/li><\/ul>\n\n<\/div><\/div>\n\n\n<div class=\"wp-block-image is-style-rounded\">\n<figure class=\"aligncenter size-thumbnail\"><img data-recalc-dims=\"1\" loading=\"lazy\" decoding=\"async\" width=\"150\" height=\"150\" src=\"https:\/\/i0.wp.com\/memoireducorps.fr\/wp-content\/uploads\/2020\/04\/20200423_164136-150x150.jpg?resize=150%2C150\" alt=\"\" class=\"wp-image-601\" srcset=\"https:\/\/i0.wp.com\/memoireducorps.fr\/wp-content\/uploads\/2020\/04\/20200423_164136.jpg?resize=150%2C150&amp;ssl=1 150w, https:\/\/i0.wp.com\/memoireducorps.fr\/wp-content\/uploads\/2020\/04\/20200423_164136.jpg?resize=435%2C435&amp;ssl=1 435w, https:\/\/i0.wp.com\/memoireducorps.fr\/wp-content\/uploads\/2020\/04\/20200423_164136.jpg?zoom=2&amp;resize=150%2C150&amp;ssl=1 300w\" sizes=\"(max-width: 150px) 100vw, 150px\" \/><\/figure>\n<\/div>\n\n\n<h3 class=\"wp-block-heading has-text-align-center\">Enfants<\/h3>\n\n\n\n<p class=\"has-text-align-center\">  La vie d&rsquo;un enfant est un <strong>apprentissage permanent<\/strong>. Leur cerveau est en pleine connexion de tout ce qu&rsquo;il se passe; dans son environnement ext\u00e9rieur et dans son environnement int\u00e9rieur. Se cr\u00e9e une multitude d&rsquo;informations \u00e0 traiter et \u00e0 ranger c\u00e9r\u00e9bralement pour s&rsquo;en resservir plus tard. L&rsquo;enfant sait s&rsquo;exprimer principalement par ses <strong>\u00e9motions <\/strong>et ce qu&rsquo;il vit dans l&rsquo;instant pr\u00e9sent. Pas toujours compris par les parents et avec le rythme important de la vie actuelle, l&rsquo;enfant peut avoir des <strong>difficult\u00e9s d&rsquo;adaptation<\/strong>. <strong>La Kin\u00e9siologie<\/strong> va servir \u00e0 l&rsquo;enfant et aux parents qui l&rsquo;accompagnent d&rsquo;<strong>\u00e9couter activement<\/strong> ce que l&rsquo;obstacle vient dire \u00e0 l&rsquo;ensemble de la famille. Un retour \u00e0 la maison avec des <strong>outils simples<\/strong> pour cr\u00e9er de <strong>nouvelles options d&rsquo;apprentissage<\/strong> et ainsi retrouver une harmonie g\u00e9n\u00e9rale.<\/p>\n\n\n\n<div class=\"wp-block-group\"><div class=\"wp-block-group__inner-container is-layout-flow wp-block-group-is-layout-flow\">\n<div class=\"wp-block-pb-accordion-item c-accordion__item js-accordion-item no-js\" data-initially-open=\"false\" data-click-to-close=\"true\" data-auto-close=\"true\" data-scroll=\"false\" data-scroll-offset=\"0\"><h4 id=\"at-2542\" class=\"c-accordion__title js-accordion-controller\" role=\"button\">Diffuclt\u00e9s observ\u00e9es<\/h4><div id=\"ac-2542\" class=\"c-accordion__content\">\n\n<ul class=\"wp-block-list\"><li>Difficult\u00e9s d&rsquo;apprentissage (dys..,)<\/li><li>Difficult\u00e9s de concentration<\/li><li>Hyperactivit\u00e9<\/li><li>Peurs\/ Phobies scolaire<\/li><li>Enur\u00e9sie &#8230;<\/li><\/ul>\n\n<\/div><\/div>\n\n\n\n<div class=\"wp-block-pb-accordion-item c-accordion__item js-accordion-item no-js\" data-initially-open=\"false\" data-click-to-close=\"true\" data-auto-close=\"true\" data-scroll=\"false\" data-scroll-offset=\"0\"><h4 id=\"at-85672\" class=\"c-accordion__title js-accordion-controller\" role=\"button\">Objectifs mis en place<\/h4><div id=\"ac-85672\" class=\"c-accordion__content\">\n\n<ul class=\"wp-block-list\"><li>Je me lib\u00e8re de mes tensions physiques, \u00e9motionnelles pour apprendre facilement<\/li><li>Je me concentre pour un apprentissage optimal<\/li><li>J&rsquo;exprime mes \u00e9motions verbalement<\/li><li>Je me lib\u00e8re de ma peur de &#8230;<\/li><li>J&rsquo;ai confiance en mes capacit\u00e9s de &#8230;.<\/li><\/ul>\n\n<\/div><\/div>\n<\/div><\/div>\n\n\n<div class=\"wp-block-image is-style-rounded\">\n<figure class=\"aligncenter size-thumbnail\"><img data-recalc-dims=\"1\" decoding=\"async\" width=\"150\" height=\"150\" src=\"https:\/\/i0.wp.com\/memoireducorps.fr\/wp-content\/uploads\/2020\/04\/skateboard-2271295_1920.jpg?resize=150%2C150&#038;ssl=1\" alt=\"\" class=\"wp-image-600\" srcset=\"https:\/\/i0.wp.com\/memoireducorps.fr\/wp-content\/uploads\/2020\/04\/skateboard-2271295_1920.jpg?resize=150%2C150&amp;ssl=1 150w, https:\/\/i0.wp.com\/memoireducorps.fr\/wp-content\/uploads\/2020\/04\/skateboard-2271295_1920.jpg?resize=435%2C435&amp;ssl=1 435w, https:\/\/i0.wp.com\/memoireducorps.fr\/wp-content\/uploads\/2020\/04\/skateboard-2271295_1920.jpg?zoom=2&amp;resize=150%2C150&amp;ssl=1 300w\" sizes=\"(max-width: 150px) 100vw, 150px\" \/><\/figure>\n<\/div>\n\n\n<h3 class=\"wp-block-heading has-text-align-center\">Sportifs<\/h3>\n\n\n\n<p class=\"has-text-align-center\"><strong>Un sportif<\/strong> de haut niveau ou non a des <strong>objectifs<\/strong> \u00e0 court, moyen et long terme. Il arrrive que certains des objectifs fix\u00e9s se heurtent \u00e0 <strong>\u00ab\u00a0l&rsquo;\u00e9chec\u00a0\u00bb<\/strong> et donc au non-accomplissement. S&rsquo;il persiste la perte de confiance peut vite s&rsquo;installer et entrer dans une spirale descendante. Ici encore la kin\u00e9siologie va permettre de <strong>d\u00e9tecter l&rsquo;obstacle<\/strong> et gr\u00e2ce \u00e0 certaines techniques, <strong>remobiliser tout un syst\u00e8me<\/strong> ( \u00e9nerg\u00e9tique, musculaire, \u00e9motionnel, structurel, &#8230; ) pour relancer la spirale dans l&rsquo;autre sens. <\/p>\n\n\n\n<div class=\"wp-block-pb-accordion-item c-accordion__item js-accordion-item no-js\" data-initially-open=\"false\" data-click-to-close=\"true\" data-auto-close=\"true\" data-scroll=\"false\" data-scroll-offset=\"0\"><h4 id=\"at-65044\" class=\"c-accordion__title js-accordion-controller\" role=\"button\">Difficult\u00e9s observ\u00e9es<\/h4><div id=\"ac-65044\" class=\"c-accordion__content\">\n\n<ul class=\"wp-block-list\"><li>perte de confiance en ses capacit\u00e9s<\/li><li>perte musculaire<\/li><li>choc traumatique structurel, \u00e9motionnel<\/li><li>douleurs r\u00e9centes, anciennes ou chroniques &#8230;<\/li><\/ul>\n\n<\/div><\/div>\n\n\n\n<div class=\"wp-block-pb-accordion-item c-accordion__item js-accordion-item no-js\" data-initially-open=\"false\" data-click-to-close=\"true\" data-auto-close=\"true\" data-scroll=\"false\" data-scroll-offset=\"0\"><h4 id=\"at-9707\" class=\"c-accordion__title js-accordion-controller\" role=\"button\">objectifs mis en place<\/h4><div id=\"ac-9707\" class=\"c-accordion__content\">\n\n<ul class=\"wp-block-list\"><li>J&rsquo;ai confiance en mes capacit\u00e9s pour &#8230;<\/li><li>Je m&rsquo;entra\u00eene sans douleurs pour atteindre mon objectif<\/li><li>Je recup\u00e8re mon tonus de fa\u00e7on globale<\/li><li>Je suis pr\u00eat pour atteindre mes objectifs fix\u00e9s pour cette comp\u00e9tition &#8230;<\/li><\/ul>\n\n<\/div><\/div>\n","protected":false},"excerpt":{"rendered":"<p>Pour Qui ? Pour Quoi ? Poser un objectif de s\u00e9ance : Exemples Les listes qui suivent sont bien s\u00fbr des exemples et non exhaustives pour vous permettre un aper\u00e7u de la nature de votre demande pour la s\u00e9ance. En tout d\u00e9but de s\u00e9ance, nous \u00e9tablissons ce que l&rsquo;on appelle en kin\u00e9siologie un objectif de &hellip; <\/p>\n","protected":false},"author":1,"featured_media":0,"parent":0,"menu_order":0,"comment_status":"closed","ping_status":"closed","template":"","meta":{"footnotes":""},"class_list":["post-73","page","type-page","status-publish","hentry"],"jetpack_sharing_enabled":true,"_links":{"self":[{"href":"https:\/\/memoireducorps.fr\/index.php\/wp-json\/wp\/v2\/pages\/73","targetHints":{"allow":["GET"]}}],"collection":[{"href":"https:\/\/memoireducorps.fr\/index.php\/wp-json\/wp\/v2\/pages"}],"about":[{"href":"https:\/\/memoireducorps.fr\/index.php\/wp-json\/wp\/v2\/types\/page"}],"author":[{"embeddable":true,"href":"https:\/\/memoireducorps.fr\/index.php\/wp-json\/wp\/v2\/users\/1"}],"replies":[{"embeddable":true,"href":"https:\/\/memoireducorps.fr\/index.php\/wp-json\/wp\/v2\/comments?post=73"}],"version-history":[{"count":112,"href":"https:\/\/memoireducorps.fr\/index.php\/wp-json\/wp\/v2\/pages\/73\/revisions"}],"predecessor-version":[{"id":1508,"href":"https:\/\/memoireducorps.fr\/index.php\/wp-json\/wp\/v2\/pages\/73\/revisions\/1508"}],"wp:attachment":[{"href":"https:\/\/memoireducorps.fr\/index.php\/wp-json\/wp\/v2\/media?parent=73"}],"curies":[{"name":"wp","href":"https:\/\/api.w.org\/{rel}","templated":true}]}}