{"id":65,"date":"2020-02-17T21:42:17","date_gmt":"2020-02-17T20:42:17","guid":{"rendered":"http:\/\/memoireducorps.fr\/?page_id=65"},"modified":"2023-06-05T12:05:05","modified_gmt":"2023-06-05T10:05:05","slug":"kinesiologie-cranio-sacre","status":"publish","type":"page","link":"https:\/\/memoireducorps.fr\/index.php\/kinesiologie-cranio-sacre\/","title":{"rendered":"Kin\u00e9siologie Cr\u00e2nio-Sacr\u00e9"},"content":{"rendered":"\n<div class=\"wp-block-columns is-layout-flex wp-container-core-columns-is-layout-9d6595d7 wp-block-columns-is-layout-flex\">\n<div class=\"wp-block-column is-layout-flow wp-block-column-is-layout-flow\">\n<p><\/p>\n\n\n\n<p>Pierre-Jean Vanden Houdt, ost\u00e9opathe, kin\u00e9sith\u00e9rapeuthe et kin\u00e9siologue s&rsquo;est inspir\u00e9 du stage \u00a0\u00bb Dynamisme cr\u00e2nio-sacr\u00e9 \u00a0\u00bb de Rolf Kammerer pour cr\u00e9e la Kin\u00e9siologie Cr\u00e2nio-Sacr\u00e9. <\/p>\n<\/div>\n\n\n\n<div class=\"wp-block-column is-layout-flow wp-block-column-is-layout-flow\">\n<figure class=\"wp-block-image size-large is-resized\"><img data-recalc-dims=\"1\" decoding=\"async\" src=\"https:\/\/i0.wp.com\/memoireducorps.fr\/wp-content\/uploads\/2020\/04\/pierre-jean.jpg?resize=120%2C168\" alt=\"\" class=\"wp-image-444\" width=\"120\" height=\"168\" srcset=\"https:\/\/i0.wp.com\/memoireducorps.fr\/wp-content\/uploads\/2020\/04\/pierre-jean.jpg?w=244&amp;ssl=1 244w, https:\/\/i0.wp.com\/memoireducorps.fr\/wp-content\/uploads\/2020\/04\/pierre-jean.jpg?resize=213%2C300&amp;ssl=1 213w, https:\/\/i0.wp.com\/memoireducorps.fr\/wp-content\/uploads\/2020\/04\/pierre-jean.jpg?resize=43%2C60&amp;ssl=1 43w\" sizes=\"(max-width: 120px) 100vw, 120px\" \/><\/figure>\n<\/div>\n<\/div>\n\n\n\n<div class=\"wp-block-columns is-layout-flex wp-container-core-columns-is-layout-9d6595d7 wp-block-columns-is-layout-flex\">\n<div class=\"wp-block-column is-layout-flow wp-block-column-is-layout-flow\" style=\"flex-basis:33.33%\">\n<figure class=\"wp-block-image size-large\"><img data-recalc-dims=\"1\" fetchpriority=\"high\" decoding=\"async\" width=\"1020\" height=\"682\" src=\"https:\/\/i0.wp.com\/memoireducorps.fr\/wp-content\/uploads\/2020\/04\/hands-1838658_1920-1024x685.jpg?resize=1020%2C682\" alt=\"\" class=\"wp-image-442\" srcset=\"https:\/\/i0.wp.com\/memoireducorps.fr\/wp-content\/uploads\/2020\/04\/hands-1838658_1920.jpg?resize=1024%2C685&amp;ssl=1 1024w, https:\/\/i0.wp.com\/memoireducorps.fr\/wp-content\/uploads\/2020\/04\/hands-1838658_1920.jpg?resize=300%2C201&amp;ssl=1 300w, https:\/\/i0.wp.com\/memoireducorps.fr\/wp-content\/uploads\/2020\/04\/hands-1838658_1920.jpg?resize=768%2C514&amp;ssl=1 768w, https:\/\/i0.wp.com\/memoireducorps.fr\/wp-content\/uploads\/2020\/04\/hands-1838658_1920.jpg?resize=1536%2C1028&amp;ssl=1 1536w, https:\/\/i0.wp.com\/memoireducorps.fr\/wp-content\/uploads\/2020\/04\/hands-1838658_1920.jpg?resize=450%2C300&amp;ssl=1 450w, https:\/\/i0.wp.com\/memoireducorps.fr\/wp-content\/uploads\/2020\/04\/hands-1838658_1920.jpg?resize=90%2C60&amp;ssl=1 90w, https:\/\/i0.wp.com\/memoireducorps.fr\/wp-content\/uploads\/2020\/04\/hands-1838658_1920.jpg?w=1920&amp;ssl=1 1920w\" sizes=\"(max-width: 1020px) 100vw, 1020px\" \/><\/figure>\n<\/div>\n\n\n\n<div class=\"wp-block-column is-layout-flow wp-block-column-is-layout-flow\" style=\"flex-basis:66.66%\">\n<p>C&rsquo;est une technique compl\u00e8te qui permet d&rsquo;acqu\u00e9rir une <strong>\u00e9coute avec vos mains<\/strong> des structures cr\u00e2niennes. C&rsquo;est aussi redonner de l&rsquo;espace et de la mobilit\u00e9 \u00e0 l&rsquo;ensemble du corps. <\/p>\n\n\n\n<p> Les structures des os du cr\u00e2ne, par leurs formes, d\u00e9terminent un  fonctionnement sp\u00e9cifique chez chaque individu en lien avec les  diff\u00e9rentes aires c\u00e9r\u00e9brales&nbsp;(aire de la pens\u00e9e, de l\u2019action, de la  sensation \u00e9motion, de l\u2019expression automatique etc.\u2026) <\/p>\n\n\n\n<p> En faisant de plus en plus <strong>confiance en vos mains qui \u00ab&nbsp;voient, pensent  et sentent&nbsp;\u00bb<\/strong>, vous permettrez \u00e0 l\u2019autre de retrouver sa direction&nbsp;:  reprendre son espace de libert\u00e9, chemin du retour vers l\u2019unit\u00e9 Corps,  Mental, Esprit. <\/p>\n<\/div>\n<\/div>\n\n\n\n<h2 class=\"has-text-align-center wp-block-heading\">Programme ( 5 jours)<\/h2>\n\n\n\n<div class=\"wp-block-columns is-layout-flex wp-container-core-columns-is-layout-9d6595d7 wp-block-columns-is-layout-flex\">\n<div class=\"wp-block-column is-layout-flow wp-block-column-is-layout-flow\">\n<ul class=\"wp-block-list\"><li>Pr\u00e9sentation du concept KCS (Kin\u00e9siologie Cranio Sacr\u00e9e)<\/li><li>Pr\u00e9sentation du cr\u00e2ne (neuro-cr\u00e2ne, visc\u00e9ro-cr\u00e2ne)<\/li><li>Les os du visage<\/li><li>Anatomie et mouvement de chaque structure osseuse<\/li><li>M\u00e9canisme Respiratoire Primaire (MRP)<\/li><li>Sensibilisation au toucher cr\u00e2nien<\/li><li>Le Syst\u00e8me Cranio Sacr\u00e9 et ses d\u00e9pendances aux autres structures anatomiques<\/li><li>Pr\u00e9sentation et travail sur les fascias<\/li><li>Anatomie et mobilit\u00e9 du sacrum<\/li><li>Les membranes intracr\u00e2niennes<\/li><li>Le test musculaire<\/li><li>La mise en circuit kin\u00e9siologique<\/li><li>Les principes de structure-fonctions<\/li><li>Techniques sp\u00e9cifiques de kin\u00e9siologie&nbsp; pour la lib\u00e9ration des structures<\/li><\/ul>\n<\/div>\n\n\n\n<div class=\"wp-block-column is-layout-flow wp-block-column-is-layout-flow\">\n<figure class=\"wp-block-image size-large\"><img data-recalc-dims=\"1\" decoding=\"async\" width=\"1020\" height=\"793\" src=\"https:\/\/i0.wp.com\/memoireducorps.fr\/wp-content\/uploads\/2020\/04\/skull-41557_1280-1-1024x796.png?resize=1020%2C793\" alt=\"\" class=\"wp-image-447\" srcset=\"https:\/\/i0.wp.com\/memoireducorps.fr\/wp-content\/uploads\/2020\/04\/skull-41557_1280-1.png?resize=1024%2C796&amp;ssl=1 1024w, https:\/\/i0.wp.com\/memoireducorps.fr\/wp-content\/uploads\/2020\/04\/skull-41557_1280-1.png?resize=300%2C233&amp;ssl=1 300w, https:\/\/i0.wp.com\/memoireducorps.fr\/wp-content\/uploads\/2020\/04\/skull-41557_1280-1.png?resize=768%2C597&amp;ssl=1 768w, https:\/\/i0.wp.com\/memoireducorps.fr\/wp-content\/uploads\/2020\/04\/skull-41557_1280-1.png?resize=77%2C60&amp;ssl=1 77w, https:\/\/i0.wp.com\/memoireducorps.fr\/wp-content\/uploads\/2020\/04\/skull-41557_1280-1.png?w=1280&amp;ssl=1 1280w\" sizes=\"(max-width: 1020px) 100vw, 1020px\" \/><\/figure>\n\n\n<\/div>\n<\/div>\n\n\n\n<p class=\"has-text-align-center\"><strong>Prix<\/strong>: 550 \u20ac la formation<\/p>\n\n\n\n<div class=\"wp-block-columns is-layout-flex wp-container-core-columns-is-layout-9d6595d7 wp-block-columns-is-layout-flex\">\n<div class=\"wp-block-column is-layout-flow wp-block-column-is-layout-flow\" style=\"flex-basis:66.66%\">\n<h4 class=\"has-text-align-center wp-block-heading\"><mark style=\"background-color:rgba(0, 0, 0, 0)\" class=\"has-inline-color has-light-green-cyan-color\">Calendrier de formations pr\u00e9vues<\/mark><\/h4>\n\n\n<div class=\"simcal-calendar simcal-default-calendar simcal-default-calendar-list simcal-default-calendar-light\" data-calendar-id=\"352\" data-timezone=\"Europe\/Paris\" data-offset=\"7200\" data-week-start=\"1\" data-calendar-start=\"1777586400\" data-calendar-end=\"1777586400\" data-events-first=\"0\" data-events-last=\"0\"><div class=\"simcal-calendar-list simcal-calendar-list-compact\"><nav class=\"simcal-calendar-head\">\n\t<div class=\"simcal-nav\">\n\t\t<button class=\"simcal-nav-button simcal-prev\" title=\"Pr\u00e9c\u00e9dent\" disabled=\"disabled\" aria-label=\"Pr\u00e9c\u00e9dent\">\n\t\t\t<i class=\"simcal-icon-left\"><\/i>\n\t\t<\/button>\n\t<\/div>\n\t<div class=\"simcal-nav simcal-current \" data-calendar-current=\"1777586400\">\n\t\t<h3 class=\"simcal-current-label\"> <\/h3>\n\t<\/div>\n\t<div class=\"simcal-nav\">\t\t<button class=\"simcal-nav-button simcal-next\" title=\"Suiv.\" disabled=\"disabled\" aria-label=\"Suiv.\">\t\t\t<i class=\"simcal-icon-right\"><\/i>\n\t\t<\/button>\n\t<\/div>\n<\/nav>\n<dl class=\"simcal-events-list-container\" data-prev=\"0\" data-next=\"1777586400\" data-heading-small=\"1 mai 2026\" data-heading-large=\"1 mai 2026\">\t<p>There are no upcoming events.\t<\/p>\n<\/dl><div class=\"simcal-ajax-loader simcal-spinner-top\" style=\"display: none;\"><i class=\"simcal-icon-spinner simcal-icon-spin\"><\/i><\/div><\/div><\/div>\n\n\n\n<p><\/p>\n<\/div>\n\n\n\n<div class=\"wp-block-column is-layout-flow wp-block-column-is-layout-flow\" style=\"flex-basis:33.33%\"><div class=\"wp-block-image is-style-default\">\n<figure class=\"aligncenter size-large is-resized\"><img data-recalc-dims=\"1\" loading=\"lazy\" decoding=\"async\" src=\"https:\/\/i0.wp.com\/memoireducorps.fr\/wp-content\/uploads\/2020\/04\/calendar-3073971_1920.jpg?resize=282%2C188&#038;ssl=1\" alt=\"\" class=\"wp-image-883\" width=\"282\" height=\"188\" srcset=\"https:\/\/i0.wp.com\/memoireducorps.fr\/wp-content\/uploads\/2020\/04\/calendar-3073971_1920.jpg?resize=1024%2C683&amp;ssl=1 1024w, https:\/\/i0.wp.com\/memoireducorps.fr\/wp-content\/uploads\/2020\/04\/calendar-3073971_1920.jpg?resize=300%2C200&amp;ssl=1 300w, https:\/\/i0.wp.com\/memoireducorps.fr\/wp-content\/uploads\/2020\/04\/calendar-3073971_1920.jpg?resize=768%2C512&amp;ssl=1 768w, https:\/\/i0.wp.com\/memoireducorps.fr\/wp-content\/uploads\/2020\/04\/calendar-3073971_1920.jpg?resize=1536%2C1024&amp;ssl=1 1536w, https:\/\/i0.wp.com\/memoireducorps.fr\/wp-content\/uploads\/2020\/04\/calendar-3073971_1920.jpg?resize=450%2C300&amp;ssl=1 450w, https:\/\/i0.wp.com\/memoireducorps.fr\/wp-content\/uploads\/2020\/04\/calendar-3073971_1920.jpg?resize=90%2C60&amp;ssl=1 90w, https:\/\/i0.wp.com\/memoireducorps.fr\/wp-content\/uploads\/2020\/04\/calendar-3073971_1920.jpg?w=1920&amp;ssl=1 1920w\" sizes=\"(max-width: 282px) 100vw, 282px\" \/><\/figure>\n<\/div><\/div>\n<\/div>\n\n\n\n<h2 class=\"has-text-align-center wp-block-heading\">Instructrice<\/h2>\n\n\n\n<div class=\"wp-block-columns is-layout-flex wp-container-core-columns-is-layout-9d6595d7 wp-block-columns-is-layout-flex\">\n<div class=\"wp-block-column is-layout-flow wp-block-column-is-layout-flow\" style=\"flex-basis:33.33%\">\n<figure class=\"wp-block-image size-large is-style-default\"><img data-recalc-dims=\"1\" loading=\"lazy\" decoding=\"async\" width=\"446\" height=\"572\" src=\"https:\/\/i0.wp.com\/memoireducorps.fr\/wp-content\/uploads\/2020\/05\/emeu-site-1.jpg?resize=446%2C572&#038;ssl=1\" alt=\"\" class=\"wp-image-1136\" srcset=\"https:\/\/i0.wp.com\/memoireducorps.fr\/wp-content\/uploads\/2020\/05\/emeu-site-1.jpg?w=446&amp;ssl=1 446w, https:\/\/i0.wp.com\/memoireducorps.fr\/wp-content\/uploads\/2020\/05\/emeu-site-1.jpg?resize=234%2C300&amp;ssl=1 234w, https:\/\/i0.wp.com\/memoireducorps.fr\/wp-content\/uploads\/2020\/05\/emeu-site-1.jpg?resize=47%2C60&amp;ssl=1 47w\" sizes=\"(max-width: 446px) 100vw, 446px\" \/><\/figure>\n<\/div>\n\n\n\n<div class=\"wp-block-column is-layout-flow wp-block-column-is-layout-flow\" style=\"flex-basis:66.66%\">\n<h3 class=\"wp-block-heading\"><strong>Emeline Fr\u00e9ville<\/strong> <\/h3>\n\n\n\n<p class=\"has-text-align-center\">Kin\u00e9siologue depuis 2015, Instructrice en :<\/p>\n\n\n\n<ul class=\"wp-block-list\"><li>Touch For Health1-4, M\u00e9taphores, Energies Tib\u00e9taines, TFH Proficiency<\/li><li>KCS 1 (Kin\u00e9siologie Cr\u00e2nio-Sacr\u00e9e), <\/li><li>Bases, EME (Equilibre, Mouvement, Emotions), KPN 1 (Kin\u00e9siologie P\u00e9ri-Natale)<\/li><\/ul>\n\n\n\n<p class=\"has-text-align-center\">Certification d&rsquo;instructrice en cours : Stress Release 1-3<\/p>\n<\/div>\n<\/div>\n\n\n\n<figure class=\"wp-block-pullquote\"><blockquote><p>Gagner de la mobilit\u00e9 c&rsquo;est gagner du choix et gagner du choix c&rsquo;est gagner de la vie. <\/p><cite>Pierre-jean vanden houdt<\/cite><\/blockquote><\/figure>\n\n\n\n<p class=\"has-text-align-center\">Que vous soyez professionnel de la sant\u00e9 ou non, vous pourrez rapidement  int\u00e9grer cette pratique dans votre activit\u00e9 quotidienne. L\u2019anatomie et  la neuro-physiologie que je vous propose d\u2019acqu\u00e9rir ne pr\u00e9sentent  aucune difficult\u00e9 et ne n\u00e9cessite que votre <strong>curiosit\u00e9<\/strong> et votre <strong>d\u00e9sir d\u2019apprendre<\/strong>. <\/p>\n","protected":false},"excerpt":{"rendered":"<p>Pierre-Jean Vanden Houdt, ost\u00e9opathe, kin\u00e9sith\u00e9rapeuthe et kin\u00e9siologue s&rsquo;est inspir\u00e9 du stage \u00a0\u00bb Dynamisme cr\u00e2nio-sacr\u00e9 \u00a0\u00bb de Rolf Kammerer pour cr\u00e9e la Kin\u00e9siologie Cr\u00e2nio-Sacr\u00e9. C&rsquo;est une technique compl\u00e8te qui permet d&rsquo;acqu\u00e9rir une \u00e9coute avec vos mains des structures cr\u00e2niennes. C&rsquo;est aussi redonner de l&rsquo;espace et de la mobilit\u00e9 \u00e0 l&rsquo;ensemble du corps. Les structures des os &hellip; <\/p>\n","protected":false},"author":1,"featured_media":0,"parent":0,"menu_order":0,"comment_status":"closed","ping_status":"closed","template":"","meta":{"footnotes":""},"class_list":["post-65","page","type-page","status-publish","hentry"],"jetpack_sharing_enabled":true,"_links":{"self":[{"href":"https:\/\/memoireducorps.fr\/index.php\/wp-json\/wp\/v2\/pages\/65","targetHints":{"allow":["GET"]}}],"collection":[{"href":"https:\/\/memoireducorps.fr\/index.php\/wp-json\/wp\/v2\/pages"}],"about":[{"href":"https:\/\/memoireducorps.fr\/index.php\/wp-json\/wp\/v2\/types\/page"}],"author":[{"embeddable":true,"href":"https:\/\/memoireducorps.fr\/index.php\/wp-json\/wp\/v2\/users\/1"}],"replies":[{"embeddable":true,"href":"https:\/\/memoireducorps.fr\/index.php\/wp-json\/wp\/v2\/comments?post=65"}],"version-history":[{"count":38,"href":"https:\/\/memoireducorps.fr\/index.php\/wp-json\/wp\/v2\/pages\/65\/revisions"}],"predecessor-version":[{"id":1488,"href":"https:\/\/memoireducorps.fr\/index.php\/wp-json\/wp\/v2\/pages\/65\/revisions\/1488"}],"wp:attachment":[{"href":"https:\/\/memoireducorps.fr\/index.php\/wp-json\/wp\/v2\/media?parent=65"}],"curies":[{"name":"wp","href":"https:\/\/api.w.org\/{rel}","templated":true}]}}