{"id":1475,"date":"2023-06-05T11:43:50","date_gmt":"2023-06-05T09:43:50","guid":{"rendered":"https:\/\/memoireducorps.fr\/?page_id=1475"},"modified":"2026-02-17T14:03:34","modified_gmt":"2026-02-17T13:03:34","slug":"prendre-rdv-tarifs","status":"publish","type":"page","link":"https:\/\/memoireducorps.fr\/index.php\/prendre-rdv-tarifs\/","title":{"rendered":"Prendre RDV &#8211; Tarifs"},"content":{"rendered":"\n<div class=\"wp-block-media-text alignwide is-stacked-on-mobile\"><figure class=\"wp-block-media-text__media\"><img data-recalc-dims=\"1\" fetchpriority=\"high\" decoding=\"async\" width=\"1020\" height=\"636\" src=\"https:\/\/i0.wp.com\/memoireducorps.fr\/wp-content\/uploads\/2020\/02\/machine-a-ecrire-1024x638.jpg?resize=1020%2C636&#038;ssl=1\" alt=\"\" class=\"wp-image-184 size-full\" srcset=\"https:\/\/i0.wp.com\/memoireducorps.fr\/wp-content\/uploads\/2020\/02\/machine-a-ecrire.jpg?resize=1024%2C638&amp;ssl=1 1024w, https:\/\/i0.wp.com\/memoireducorps.fr\/wp-content\/uploads\/2020\/02\/machine-a-ecrire.jpg?resize=300%2C187&amp;ssl=1 300w, https:\/\/i0.wp.com\/memoireducorps.fr\/wp-content\/uploads\/2020\/02\/machine-a-ecrire.jpg?resize=768%2C479&amp;ssl=1 768w, https:\/\/i0.wp.com\/memoireducorps.fr\/wp-content\/uploads\/2020\/02\/machine-a-ecrire.jpg?resize=1536%2C958&amp;ssl=1 1536w, https:\/\/i0.wp.com\/memoireducorps.fr\/wp-content\/uploads\/2020\/02\/machine-a-ecrire.jpg?resize=320%2C200&amp;ssl=1 320w, https:\/\/i0.wp.com\/memoireducorps.fr\/wp-content\/uploads\/2020\/02\/machine-a-ecrire.jpg?resize=96%2C60&amp;ssl=1 96w, https:\/\/i0.wp.com\/memoireducorps.fr\/wp-content\/uploads\/2020\/02\/machine-a-ecrire.jpg?w=1920&amp;ssl=1 1920w\" sizes=\"(max-width: 1020px) 100vw, 1020px\" \/><\/figure><div class=\"wp-block-media-text__content\">\n<h2 class=\"wp-block-heading\">Vous avez des questions ?<\/h2>\n\n\n\n<p>Vous avez besoin de renseignements compl\u00e9mentaires ? Contactez-moi !<\/p>\n<\/div><\/div>\n\n\n\n<div class=\"wpcf7 no-js\" id=\"wpcf7-f1206-o1\" lang=\"fr-FR\" dir=\"ltr\" data-wpcf7-id=\"1206\">\n<div class=\"screen-reader-response\"><p role=\"status\" aria-live=\"polite\" aria-atomic=\"true\"><\/p> <ul><\/ul><\/div>\n<form action=\"\/index.php\/wp-json\/wp\/v2\/pages\/1475#wpcf7-f1206-o1\" method=\"post\" class=\"wpcf7-form init\" aria-label=\"Formulaire de contact\" novalidate=\"novalidate\" data-status=\"init\">\n<fieldset class=\"hidden-fields-container\"><input type=\"hidden\" name=\"_wpcf7\" value=\"1206\" \/><input type=\"hidden\" name=\"_wpcf7_version\" value=\"6.1.5\" \/><input type=\"hidden\" name=\"_wpcf7_locale\" value=\"fr_FR\" \/><input type=\"hidden\" name=\"_wpcf7_unit_tag\" value=\"wpcf7-f1206-o1\" \/><input type=\"hidden\" name=\"_wpcf7_container_post\" value=\"0\" \/><input type=\"hidden\" name=\"_wpcf7_posted_data_hash\" value=\"\" \/>\n<\/fieldset>\n<p><label> Votre nom (obligatoire)<br \/>\n<span class=\"wpcf7-form-control-wrap\" data-name=\"your-name\"><input size=\"40\" maxlength=\"400\" class=\"wpcf7-form-control wpcf7-text wpcf7-validates-as-required\" aria-required=\"true\" aria-invalid=\"false\" value=\"\" type=\"text\" name=\"your-name\" \/><\/span> <\/label>\n<\/p>\n<p><label> Votre adresse de messagerie (obligatoire)<br \/>\n<span class=\"wpcf7-form-control-wrap\" data-name=\"your-email\"><input size=\"40\" maxlength=\"400\" class=\"wpcf7-form-control wpcf7-email wpcf7-validates-as-required wpcf7-text wpcf7-validates-as-email\" aria-required=\"true\" aria-invalid=\"false\" value=\"\" type=\"email\" name=\"your-email\" \/><\/span> <\/label>\n<\/p>\n<p><label> Objet<br \/>\n<span class=\"wpcf7-form-control-wrap\" data-name=\"your-subject\"><input size=\"40\" maxlength=\"400\" class=\"wpcf7-form-control wpcf7-text\" aria-invalid=\"false\" value=\"\" type=\"text\" name=\"your-subject\" \/><\/span> <\/label>\n<\/p>\n<p><label> Votre message<br \/>\n<span class=\"wpcf7-form-control-wrap\" data-name=\"your-message\"><textarea cols=\"40\" rows=\"10\" maxlength=\"2000\" class=\"wpcf7-form-control wpcf7-textarea\" aria-invalid=\"false\" name=\"your-message\"><\/textarea><\/span> <\/label>\n<\/p>\n<p><input class=\"wpcf7-form-control wpcf7-submit has-spinner\" type=\"submit\" value=\"Envoyer\" \/>\n<\/p><div class=\"wpcf7-response-output\" aria-hidden=\"true\"><\/div>\n<\/form>\n<\/div>\n\n\n\n\n<h1 class=\"wp-block-heading has-text-align-center\"><mark style=\"background-color:rgba(0, 0, 0, 0)\" class=\"has-inline-color has-light-green-cyan-color\"><em>Etape 1 :<\/em> Prendre rendez-vous<\/mark> <\/h1>\n\n\n\n<h2 class=\"wp-block-heading\">Choisissez :<\/h2>\n\n\n\n<div class=\"wp-block-columns is-layout-flex wp-container-core-columns-is-layout-9d6595d7 wp-block-columns-is-layout-flex\">\n<div class=\"wp-block-column is-layout-flow wp-block-column-is-layout-flow\">\n<ul class=\"wp-block-list\">\n<li>prenez rendez-vous en consultant mon agenda en ligne en bas de cette page <strong>sur l&rsquo;onglet <span style=\"color:#167096\" class=\"has-inline-color\">RDV en ligne ICI<\/span><\/strong> en bas de la page. Veuillez m&rsquo;indiquer le type de s\u00e9ance que vous enregistrez au moment du rendez-vous (individuelle, couple, nourrisson, enfant ou famille).<\/li>\n<\/ul>\n<\/div>\n\n\n\n<div class=\"wp-block-column is-layout-flow wp-block-column-is-layout-flow\">\n<ul class=\"wp-block-list\">\n<li><strong>Ou<\/strong> par t\u00e9l\u00e9phone au <span class=\"has-inline-color has-light-green-cyan-color\">06 34 04 55 38<\/span> en consultant mon <strong>agenda en ligne<\/strong> pour conna\u00eetre mes disponibilit\u00e9s avec votre mail pour un rendez-vous id\u00e9al.<\/li>\n<\/ul>\n<\/div>\n<\/div>\n\n\n\n<p>Etant donn\u00e9 le temps d&rsquo;attente de plus d&rsquo;1 mois pour les s\u00e9ances, vous trouverez aussi l&rsquo;agenda en ligne de mon collaborateur Florian Bibron. Vous avez juste \u00e0 cliquer sur son agenda pour obtenir le cr\u00e9neau qui vous convient. <\/p>\n\n\n\n<h1 class=\"wp-block-heading has-text-align-center\"><em><span class=\"has-inline-color has-light-green-cyan-color\">Etape 2 :<\/span><\/em> <span class=\"has-inline-color has-light-green-cyan-color\">payer la s\u00e9ance<\/span><\/h1>\n\n\n\n<h2 class=\"wp-block-heading\">Choisissez de payer : <\/h2>\n\n\n\n<p class=\"has-text-align-center\"><strong>Le jour de la s\u00e9ance<\/strong> au cabinet par <strong>ch\u00e8que ou esp\u00e8ces :<\/strong><\/p>\n\n\n\n<ul class=\"wp-block-list\">\n<li>S\u00e9ance individuelle : 75 \u20ac<\/li>\n\n\n\n<li>S\u00e9ance 1 Parent\/1 Enfant : 85 \u20ac<\/li>\n\n\n\n<li>S\u00e9ance de couple : 95 \u20ac<\/li>\n\n\n\n<li>S\u00e9ance famille : 110 \u20ac<\/li>\n<\/ul>\n\n\n\n<h1 class=\"wp-block-heading has-text-align-center\"><mark style=\"background-color:rgba(0, 0, 0, 0)\" class=\"has-inline-color has-light-green-cyan-color\">Demandez \u00e0 votre Mutuelle si la kin\u00e9siologie est rembours\u00e9e!<\/mark> <\/h1>\n\n\n\n<p class=\"has-text-align-center\"><strong>Pour  votre information, voici une liste non exhaustive des mutuelles qui  remboursent la kin\u00e9siologie&nbsp;: <\/strong><br>   GROUPAMA, ASETYS, SMEBA, AXA,  RADIANCE,  CAJOLIA, LIBRE ASSURANCES, ASSURANCE PSI, AMAVIE, ADREA, CMO, CAP VERT, MEDINAT, MIEL, BAHEMA,  Pays   MARTEGAL, GRAS SAVOYE, MTRL,\u2026<\/p>\n\n\n\n<!-- D\u00e9but de widget de badge Calendly -->\n<link href=\"https:\/\/assets.calendly.com\/assets\/external\/widget.css\" rel=\"stylesheet\">\n<script src=\"https:\/\/assets.calendly.com\/assets\/external\/widget.js\" type=\"text\/javascript\"><\/script>\n<script type=\"text\/javascript\">Calendly.initBadgeWidget({ url: 'https:\/\/calendly.com\/memoireducorps', text: 'RDV en ligne ICI', color: '#74e3c5', textColor: '#000000', branding: true });<\/script>\n<!-- Fin de widget de badge Calendly -->\n\n\n\n<h1 class=\"wp-block-heading has-text-align-center\"><mark style=\"background-color:rgba(0, 0, 0, 0)\" class=\"has-inline-color has-light-green-cyan-color\">Pour venir en s\u00e9ance<\/mark><\/h1>\n\n\n\n<h2 class=\"wp-block-heading has-text-align-left\">Adresse <\/h2>\n\n\n\n<p>22 Place des thermes 65200 Bagn\u00e8res-de-bigorre<\/p>\n\n\n\n<iframe src=\"https:\/\/www.google.com\/maps\/embed?pb=!1m18!1m12!1m3!1d2914.995700942384!2d0.14498697595968946!3d43.06255797113626!2m3!1f0!2f0!3f0!3m2!1i1024!2i768!4f13.1!3m3!1m2!1s0x12a82e2a2e378187%3A0xe9ff0ccb51344b82!2s22%20Pl.%20des%20Thermes%2C%2065200%20Bagn%C3%A8res-de-Bigorre!5e0!3m2!1sfr!2sfr!4v1771332805899!5m2!1sfr!2sfr\" width=\"600\" height=\"450\" style=\"border:0;\" allowfullscreen=\"\" loading=\"lazy\" referrerpolicy=\"no-referrer-when-downgrade\"><\/iframe>\n\n\n\n<h2 class=\"wp-block-heading\">Mail et T\u00e9l\u00e9phone<\/h2>\n\n\n\n<p>contact@memoireducorps.fr                                                                                                 +33 (0)6 34 04 55 38<\/p>\n\n\n\n<h1 class=\"wp-block-heading has-text-align-center\"><mark style=\"background-color:rgba(0, 0, 0, 0)\" class=\"has-inline-color has-light-green-cyan-color\">Pour aller plus loin :<\/mark><\/h1>\n\n\n\n<p class=\"has-text-align-center\">Si vous souhaitez approfondir encore plus la kin\u00e9siologie, vous pouvez choisir de faire une <strong>formation certifi\u00e9e<\/strong>. Pour cela, visitez sur le site de l&rsquo;<a href=\"https:\/\/emnak.fr\/\">EMNAK<\/a>, \u00e9cole de formation professionnelle de kin\u00e9siologie. <\/p>\n\n\n\n<p>Quelques techniques de kin\u00e9siologie abord\u00e9es ci-dessous :<\/p>\n\n\n\n<ul class=\"wp-block-list\">\n<li><strong><a href=\"https:\/\/memoireducorps.fr\/index.php\/touch-for-health\/\" target=\"_blank\" rel=\"noreferrer noopener\">Touch For Health ( La Sant\u00e9 par le toucher )<\/a><\/strong>,<\/li>\n\n\n\n<li><a href=\"https:\/\/memoireducorps.fr\/index.php\/kinesiologie-cranio-sacre\/\" target=\"_blank\" rel=\"noreferrer noopener\"><strong>KCS ( Kin\u00e9siologie Cr\u00e2nio-Sacr\u00e9 ), <\/strong><\/a><\/li>\n\n\n\n<li><strong><a href=\"https:\/\/memoireducorps.fr\/index.php\/energie-tibetaine\/\" target=\"_blank\" rel=\"noreferrer noopener\">Energie Tib\u00e9taine, <\/a><\/strong><\/li>\n\n\n\n<li><a href=\"https:\/\/memoireducorps.fr\/index.php\/brain-gym\/\" target=\"_blank\" rel=\"noreferrer noopener\"><strong>Brain Gym<\/strong><\/a>.<\/li>\n<\/ul>\n","protected":false},"excerpt":{"rendered":"<p>Vous avez des questions ? Vous avez besoin de renseignements compl\u00e9mentaires ? Contactez-moi ! Etape 1 : Prendre rendez-vous Choisissez : Etant donn\u00e9 le temps d&rsquo;attente de plus d&rsquo;1 mois pour les s\u00e9ances, vous trouverez aussi l&rsquo;agenda en ligne de mon collaborateur Florian Bibron. Vous avez juste \u00e0 cliquer sur son agenda pour obtenir le &hellip; <\/p>\n","protected":false},"author":1,"featured_media":0,"parent":0,"menu_order":0,"comment_status":"closed","ping_status":"closed","template":"","meta":{"footnotes":""},"class_list":["post-1475","page","type-page","status-publish","hentry"],"jetpack_sharing_enabled":true,"_links":{"self":[{"href":"https:\/\/memoireducorps.fr\/index.php\/wp-json\/wp\/v2\/pages\/1475","targetHints":{"allow":["GET"]}}],"collection":[{"href":"https:\/\/memoireducorps.fr\/index.php\/wp-json\/wp\/v2\/pages"}],"about":[{"href":"https:\/\/memoireducorps.fr\/index.php\/wp-json\/wp\/v2\/types\/page"}],"author":[{"embeddable":true,"href":"https:\/\/memoireducorps.fr\/index.php\/wp-json\/wp\/v2\/users\/1"}],"replies":[{"embeddable":true,"href":"https:\/\/memoireducorps.fr\/index.php\/wp-json\/wp\/v2\/comments?post=1475"}],"version-history":[{"count":5,"href":"https:\/\/memoireducorps.fr\/index.php\/wp-json\/wp\/v2\/pages\/1475\/revisions"}],"predecessor-version":[{"id":1516,"href":"https:\/\/memoireducorps.fr\/index.php\/wp-json\/wp\/v2\/pages\/1475\/revisions\/1516"}],"wp:attachment":[{"href":"https:\/\/memoireducorps.fr\/index.php\/wp-json\/wp\/v2\/media?parent=1475"}],"curies":[{"name":"wp","href":"https:\/\/api.w.org\/{rel}","templated":true}]}}