{"id":10,"date":"2020-02-16T17:30:37","date_gmt":"2020-02-16T16:30:37","guid":{"rendered":"http:\/\/memoireducorps.fr\/?page_id=10"},"modified":"2026-02-17T14:01:32","modified_gmt":"2026-02-17T13:01:32","slug":"contact","status":"publish","type":"page","link":"https:\/\/memoireducorps.fr\/index.php\/contact\/","title":{"rendered":"Contact"},"content":{"rendered":"\n<h1 class=\"wp-block-heading\">Vous avez des questions ?<\/h1>\n\n\n\n<p>Vous avez besoin de renseignements compl\u00e9mentaires ? Contactez-moi !<\/p>\n\n\n\n<div class=\"wpcf7 no-js\" id=\"wpcf7-f1206-o1\" lang=\"fr-FR\" dir=\"ltr\" data-wpcf7-id=\"1206\">\n<div class=\"screen-reader-response\"><p role=\"status\" aria-live=\"polite\" aria-atomic=\"true\"><\/p> <ul><\/ul><\/div>\n<form action=\"\/index.php\/wp-json\/wp\/v2\/pages\/10#wpcf7-f1206-o1\" method=\"post\" class=\"wpcf7-form init\" aria-label=\"Formulaire de contact\" novalidate=\"novalidate\" data-status=\"init\">\n<fieldset class=\"hidden-fields-container\"><input type=\"hidden\" name=\"_wpcf7\" value=\"1206\" \/><input type=\"hidden\" name=\"_wpcf7_version\" value=\"6.1.5\" \/><input type=\"hidden\" name=\"_wpcf7_locale\" value=\"fr_FR\" \/><input type=\"hidden\" name=\"_wpcf7_unit_tag\" value=\"wpcf7-f1206-o1\" \/><input type=\"hidden\" name=\"_wpcf7_container_post\" value=\"0\" \/><input type=\"hidden\" name=\"_wpcf7_posted_data_hash\" value=\"\" \/>\n<\/fieldset>\n<p><label> Votre nom (obligatoire)<br \/>\n<span class=\"wpcf7-form-control-wrap\" data-name=\"your-name\"><input size=\"40\" maxlength=\"400\" class=\"wpcf7-form-control wpcf7-text wpcf7-validates-as-required\" aria-required=\"true\" aria-invalid=\"false\" value=\"\" type=\"text\" name=\"your-name\" \/><\/span> <\/label>\n<\/p>\n<p><label> Votre adresse de messagerie (obligatoire)<br \/>\n<span class=\"wpcf7-form-control-wrap\" data-name=\"your-email\"><input size=\"40\" maxlength=\"400\" class=\"wpcf7-form-control wpcf7-email wpcf7-validates-as-required wpcf7-text wpcf7-validates-as-email\" aria-required=\"true\" aria-invalid=\"false\" value=\"\" type=\"email\" name=\"your-email\" \/><\/span> <\/label>\n<\/p>\n<p><label> Objet<br \/>\n<span class=\"wpcf7-form-control-wrap\" data-name=\"your-subject\"><input size=\"40\" maxlength=\"400\" class=\"wpcf7-form-control wpcf7-text\" aria-invalid=\"false\" value=\"\" type=\"text\" name=\"your-subject\" \/><\/span> <\/label>\n<\/p>\n<p><label> Votre message<br \/>\n<span class=\"wpcf7-form-control-wrap\" data-name=\"your-message\"><textarea cols=\"40\" rows=\"10\" maxlength=\"2000\" class=\"wpcf7-form-control wpcf7-textarea\" aria-invalid=\"false\" name=\"your-message\"><\/textarea><\/span> <\/label>\n<\/p>\n<p><input class=\"wpcf7-form-control wpcf7-submit has-spinner\" type=\"submit\" value=\"Envoyer\" \/>\n<\/p><div class=\"wpcf7-response-output\" aria-hidden=\"true\"><\/div>\n<\/form>\n<\/div>\n\n\n\n\n<p><\/p>\n\n\n\n<!-- D\u00e9but de widget de badge Calendly -->\n<link href=\"https:\/\/assets.calendly.com\/assets\/external\/widget.css\" rel=\"stylesheet\">\n<script src=\"https:\/\/assets.calendly.com\/assets\/external\/widget.js\" type=\"text\/javascript\"><\/script>\n<script type=\"text\/javascript\">Calendly.initBadgeWidget({ url: 'https:\/\/calendly.com\/memoireducorps\/seance', text: 'RDV en ligne ICI', color: '#74e3c5', textColor: '#000000', branding: true });<\/script>\n<!-- Fin de widget de badge Calendly -->\n\n\n\n<h1 class=\"wp-block-heading\">Prendre Rendez-vous<\/h1>\n\n\n\n<ul class=\"wp-block-list\">\n<li>Si vous souhaitez prendre rendez-vous pour une s\u00e9ance individuelle en cabinet, cliquez sur <strong>mon agenda en ligne en bas de cette page<\/strong> ou directement dans <a href=\"https:\/\/memoireducorps.fr\/index.php\/prendre-rdv-tarifs\/\">Prendre RDV &#8211; Tarifs<\/a> sur mon site internet.<\/li>\n\n\n\n<li>Si vous souhaitez plus de renseignements, compl\u00e9ter le formulaire ci-dessus<\/li>\n\n\n\n<li>Si vous souhaitez vous inscrire pour une formation, allez sur ma page <a href=\"https:\/\/memoireducorps.fr\/index.php\/formulaire-inscription\/\" target=\"_blank\" rel=\"noreferrer noopener\">Inscriptions \/ Tarifs<\/a>.<\/li>\n<\/ul>\n\n\n\n<p>Un emp\u00eachement ? Un enfant malade ? Vous pouvez annuler ou replanifier votre rendez-vous en vous dirigeant via votre bo\u00eete mail. En l&rsquo;absence d&rsquo;annulation dans les 48H qui pr\u00e9c\u00e8dent le rendez-vous, <strong>la s\u00e9ance sera d\u00fbe.<\/strong><\/p>\n\n\n\n<h1 class=\"wp-block-heading\">Horaires <\/h1>\n\n\n\n<ul class=\"wp-block-list\">\n<li>Lundi de 14h \u00e0 20h<\/li>\n\n\n\n<li>Jeudi de 9h \u00e0 13h30 <\/li>\n\n\n\n<li>Samedi matin de 9h \u00e0 18h<\/li>\n<\/ul>\n\n\n\n<h1 class=\"wp-block-heading has-text-align-left\">Adresse<\/h1>\n\n\n\n<p>22 Place des thermes 65200 Bagn\u00e8res-de-bigorre<\/p>\n\n\n\n<iframe src=\"https:\/\/www.google.com\/maps\/embed?pb=!1m18!1m12!1m3!1d2914.995700942384!2d0.14498697595968946!3d43.06255797113626!2m3!1f0!2f0!3f0!3m2!1i1024!2i768!4f13.1!3m3!1m2!1s0x12a82e2a2e378187%3A0xe9ff0ccb51344b82!2s22%20Pl.%20des%20Thermes%2C%2065200%20Bagn%C3%A8res-de-Bigorre!5e0!3m2!1sfr!2sfr!4v1771332805899!5m2!1sfr!2sfr\" width=\"600\" height=\"450\" style=\"border:0;\" allowfullscreen=\"\" loading=\"lazy\" referrerpolicy=\"no-referrer-when-downgrade\"><\/iframe>\n\n\n\n<h1 class=\"wp-block-heading\">Mail et T\u00e9l\u00e9phone<\/h1>\n\n\n\n<p>contact@memoireducorps.fr                                                                                                  +33 (0)6 34 04 55 38<\/p>\n","protected":false},"excerpt":{"rendered":"<p>Vous avez des questions ? Vous avez besoin de renseignements compl\u00e9mentaires ? Contactez-moi ! Prendre Rendez-vous Un emp\u00eachement ? Un enfant malade ? Vous pouvez annuler ou replanifier votre rendez-vous en vous dirigeant via votre bo\u00eete mail. En l&rsquo;absence d&rsquo;annulation dans les 48H qui pr\u00e9c\u00e8dent le rendez-vous, la s\u00e9ance sera d\u00fbe. Horaires Adresse 22 Place &hellip; <\/p>\n","protected":false},"author":1,"featured_media":188,"parent":0,"menu_order":0,"comment_status":"closed","ping_status":"closed","template":"","meta":{"footnotes":""},"class_list":["post-10","page","type-page","status-publish","has-post-thumbnail","hentry"],"jetpack_sharing_enabled":true,"_links":{"self":[{"href":"https:\/\/memoireducorps.fr\/index.php\/wp-json\/wp\/v2\/pages\/10","targetHints":{"allow":["GET"]}}],"collection":[{"href":"https:\/\/memoireducorps.fr\/index.php\/wp-json\/wp\/v2\/pages"}],"about":[{"href":"https:\/\/memoireducorps.fr\/index.php\/wp-json\/wp\/v2\/types\/page"}],"author":[{"embeddable":true,"href":"https:\/\/memoireducorps.fr\/index.php\/wp-json\/wp\/v2\/users\/1"}],"replies":[{"embeddable":true,"href":"https:\/\/memoireducorps.fr\/index.php\/wp-json\/wp\/v2\/comments?post=10"}],"version-history":[{"count":37,"href":"https:\/\/memoireducorps.fr\/index.php\/wp-json\/wp\/v2\/pages\/10\/revisions"}],"predecessor-version":[{"id":1515,"href":"https:\/\/memoireducorps.fr\/index.php\/wp-json\/wp\/v2\/pages\/10\/revisions\/1515"}],"wp:featuredmedia":[{"embeddable":true,"href":"https:\/\/memoireducorps.fr\/index.php\/wp-json\/wp\/v2\/media\/188"}],"wp:attachment":[{"href":"https:\/\/memoireducorps.fr\/index.php\/wp-json\/wp\/v2\/media?parent=10"}],"curies":[{"name":"wp","href":"https:\/\/api.w.org\/{rel}","templated":true}]}}